{"id":132,"date":"2020-09-25T11:45:54","date_gmt":"2020-09-25T09:45:54","guid":{"rendered":"https:\/\/www.poli.fr\/g\/?page_id=132"},"modified":"2022-05-26T18:55:20","modified_gmt":"2022-05-26T16:55:20","slug":"comment-bien-choisir-son-cuissard-de-velo","status":"publish","type":"page","link":"https:\/\/www.poli.fr\/g\/comment-bien-choisir-son-cuissard-de-velo\/","title":{"rendered":"Comment bien choisir son cuissard de v\u00e9lo ?"},"content":{"rendered":"<p>Quand vient le moment de choisir un <a href=\"https:\/\/www.poli.fr\/achat\/cuissard-velo-237.html\">cuissard v\u00e9lo<\/a>, de nombreuses questions se posent. <a href=\"https:\/\/www.poli.fr\/g\/tout-sur-cuissard-velo\/\">Ce guide du cuissard v\u00e9lo tente de vous \u00e9clairer<\/a>. Le cuissard \u00e9tant l&rsquo;\u00e9l\u00e9ment le plus important de la tenue du cycliste, il ne faut pas faire ce choix \u00e0 la l\u00e9g\u00e8re. Un grand nombre de param\u00e8tres rentrent en compte.<\/p>\n<p>Comment bien choisir la taille de son cuissard? Quel type de cuissard pour quelle pratique? Quelles sont les diff\u00e9rences entre les mod\u00e8les homme, femme et enfant? Et que choisir en fonction de la saison? Des bretelles ou non? Bref, on ne sait plus o\u00f9 donner de la t\u00eate. Parmi la pl\u00e9thore d&rsquo;offres, il est difficile pour le cycliste de s&rsquo;y retrouver. Voici donc quelques conseils pour vous aider \u00e0 faire le bon choix.<\/p>\n<p><img loading=\"lazy\" class=\"alignnone size-full wp-image-833\" src=\"https:\/\/www.poli.fr\/g\/wp-content\/uploads\/2021\/02\/\u00a9ThomasMaheux110217_Duval.jpg\" alt=\"\" width=\"1000\" height=\"438\" srcset=\"https:\/\/www.poli.fr\/g\/wp-content\/uploads\/2021\/02\/\u00a9ThomasMaheux110217_Duval.jpg 1000w, https:\/\/www.poli.fr\/g\/wp-content\/uploads\/2021\/02\/\u00a9ThomasMaheux110217_Duval-300x131.jpg 300w, https:\/\/www.poli.fr\/g\/wp-content\/uploads\/2021\/02\/\u00a9ThomasMaheux110217_Duval-768x336.jpg 768w\" sizes=\"(max-width: 709px) 85vw, (max-width: 909px) 67vw, (max-width: 1362px) 62vw, 840px\" \/><\/p>\n<h2>Comment choisir la taille d\u2019un cuissard de v\u00e9lo ?<\/h2>\n<p>Le choix de la taille de son cuissard est d\u00e9cisif. Trop grand, il pourra vous provoquer des irritations et un inconfort, trop petit il exercera donc trop de pression et pourrait vous couper la circulation du sang.<\/p>\n<p><strong>&gt; <a href=\"https:\/\/www.poli.fr\/g\/comment-choisir-la-taille-dun-cuissard-de-velo\/\">D\u00e9couvrez comment choisir un cuissard bien ajust\u00e9<\/a><\/strong><\/p>\n<h2>Quelles sont les diff\u00e9rences entre un cuissard homme, femme et enfant ?<\/h2>\n<p>A chacun son cuissard! Selon que l&rsquo;on soit un homme, une femme ou un enfant, notre morphologie est \u00e9videmment diff\u00e9rente et nos besoins en mati\u00e8re de cuissard \u00e9galement. Pour s&rsquo;adapter au mieux \u00e0 l&rsquo;anatomie et aux sp\u00e9cificit\u00e9s de chacun les marques ont d\u00e9velopp\u00e9 des cuissards homme, femme et enfant. Mais quelles sont ces diff\u00e9rences? Et comment se traduisent-elles sur nos cuissards?<\/p>\n<p><strong>&gt; <a href=\"https:\/\/www.poli.fr\/g\/quelles-sont-les-differences-entre-un-cuissard-homme-femme-et-enfant\/\">Voir et mieux comprendre les diff\u00e9rences entre des cuissards homme, femme, enfant<\/a><\/strong><\/p>\n<p><img loading=\"lazy\" class=\"alignnone size-full wp-image-770\" src=\"https:\/\/www.poli.fr\/g\/wp-content\/uploads\/2021\/02\/processed9.jpg\" alt=\"\" width=\"1000\" height=\"651\" srcset=\"https:\/\/www.poli.fr\/g\/wp-content\/uploads\/2021\/02\/processed9.jpg 1000w, https:\/\/www.poli.fr\/g\/wp-content\/uploads\/2021\/02\/processed9-300x195.jpg 300w, https:\/\/www.poli.fr\/g\/wp-content\/uploads\/2021\/02\/processed9-768x500.jpg 768w\" sizes=\"(max-width: 709px) 85vw, (max-width: 909px) 67vw, (max-width: 1362px) 62vw, 840px\" \/><\/p>\n<h2>Le cuissard v\u00e9lo s\u2019adapte t-il aux diff\u00e9rentes pratiques ?<\/h2>\n<p>Le cyclisme regroupe un grand nombre de disciplines tr\u00e8s diff\u00e9rentes les unes des autres. Route, Piste, VTT, Cyclo-Cross, Gravel, \u00e0 chacune ses besoins et \u00e0 chacune son style. Le cuissard a donc d\u00fb s&rsquo;adapter tel un cam\u00e9l\u00e9on \u00e0 toutes ces pratiques pour toujours apporter plus de confort et de technicit\u00e9 au cycliste.<\/p>\n<p><strong>&gt; <a href=\"https:\/\/www.poli.fr\/g\/le-cuissard-velo-sadapte-t-il-aux-differentes-pratiques\/\">Petit tour d&rsquo;horizon des cuissards adapt\u00e9s en fonction de votre discipline<\/a><\/strong><\/p>\n<p><img loading=\"lazy\" class=\"alignnone size-large wp-image-830\" src=\"https:\/\/www.poli.fr\/g\/wp-content\/uploads\/2021\/02\/29386655_1698868556825638_1842187558600048640_o-1024x1024.jpg\" alt=\"\" width=\"840\" height=\"840\" srcset=\"https:\/\/www.poli.fr\/g\/wp-content\/uploads\/2021\/02\/29386655_1698868556825638_1842187558600048640_o-1024x1024.jpg 1024w, https:\/\/www.poli.fr\/g\/wp-content\/uploads\/2021\/02\/29386655_1698868556825638_1842187558600048640_o-150x150.jpg 150w, https:\/\/www.poli.fr\/g\/wp-content\/uploads\/2021\/02\/29386655_1698868556825638_1842187558600048640_o-300x300.jpg 300w, https:\/\/www.poli.fr\/g\/wp-content\/uploads\/2021\/02\/29386655_1698868556825638_1842187558600048640_o-768x768.jpg 768w, https:\/\/www.poli.fr\/g\/wp-content\/uploads\/2021\/02\/29386655_1698868556825638_1842187558600048640_o.jpg 1200w\" sizes=\"(max-width: 709px) 85vw, (max-width: 909px) 67vw, (max-width: 1362px) 62vw, 840px\" \/><\/p>\n<h2>Quelle longueur et antiglisse pour un cuissard v\u00e9lo ?<\/h2>\n<p>Au fil de son histoire, le cuissard cycliste n&rsquo;a cess\u00e9 d&rsquo;\u00e9voluer. Il suit lui aussi une tendance donn\u00e9e par les Pros. Tr\u00e8s court \u00e0 son origine, la mode est de plus en plus \u00e0 une coupe plus longue. Mais le choix de la longueur ne d\u00e9pend pas que du style! Confort, maintien, de nombreux autres aspects entrent en compte. L&rsquo;antiglisse en bas de cuissard a lui aussi \u00e9volu\u00e9 au fil du temps. D\u00e9couvrez dans cet article les raisons de ces \u00e9volutions et les tendances du moment.<\/p>\n<p><strong>&gt; <a href=\"https:\/\/www.poli.fr\/g\/quelle-longueur-et-antiglisse-pour-un-cuissard-velo\/\">Longueur et antiglisse sur un cuissard v\u00e9lo, nos conseils<\/a><\/strong><\/p>\n<h2>Choisir un cuissard de v\u00e9lo adapt\u00e9 \u00e0 la saison<\/h2>\n<p>Dans la grande famille des cuissards de v\u00e9lo, on retrouve \u00e9videmment la version courte estivale mais \u00e9galement les corsaires encore appel\u00e9 3\/4 et les collants cyclistes destin\u00e9s \u00e0 l&rsquo;hiver. Outre les longueurs, les mati\u00e8res diff\u00e8rent. Plus l\u00e9g\u00e8re et a\u00e9r\u00e9e pour l&rsquo;\u00e9t\u00e9, chaude avec membrane de protection pour l&rsquo;hiver.<\/p>\n<p><strong>&gt; <a href=\"https:\/\/www.poli.fr\/g\/choisir-un-cuissard-de-velo-adapte-a-la-saison\/\">D\u00e9couvrez nos conseils pour bien choisir votre cuissard en fonction de la saison<\/a><\/strong><\/p>\n<p><img loading=\"lazy\" class=\"alignnone size-full wp-image-832\" src=\"https:\/\/www.poli.fr\/g\/wp-content\/uploads\/2021\/02\/IMG_8501.jpg\" alt=\"\" width=\"1000\" height=\"813\" srcset=\"https:\/\/www.poli.fr\/g\/wp-content\/uploads\/2021\/02\/IMG_8501.jpg 1000w, https:\/\/www.poli.fr\/g\/wp-content\/uploads\/2021\/02\/IMG_8501-300x244.jpg 300w, https:\/\/www.poli.fr\/g\/wp-content\/uploads\/2021\/02\/IMG_8501-768x624.jpg 768w\" sizes=\"(max-width: 709px) 85vw, (max-width: 909px) 67vw, (max-width: 1362px) 62vw, 840px\" \/><\/p>\n<h2>Pourquoi faut-il des bretelles sur un cuissard ?<\/h2>\n<p>La question des bretelles est une question r\u00e9currente lors du choix d&rsquo;un cuissard de v\u00e9lo. Chacune des options, avec ou sans, a ses avantages et ses inconv\u00e9nients. M\u00eame si le cuissard sans bretelles est surtout pl\u00e9biscit\u00e9 par les femmes et les enfants, certains hommes peuvent \u00e9galement y trouver leur compte selon leur type de pratique et leurs habitudes. Nous vous proposons de vous \u00e9clairer sur cette question afin de vous aider \u00e0 trouver l&rsquo;option qui vous conviendra le mieux.<\/p>\n<p><strong>&gt; <a href=\"https:\/\/www.poli.fr\/g\/pourquoi-faut-il-des-bretelles-sur-un-cuissard\/\">Le cuissard v\u00e9lo, avec ou sans bretelles<\/a> ?<\/strong><\/p>\n<h2>Combien co\u00fbte un cuissard v\u00e9lo ?<\/h2>\n<p>Alors que sur le march\u00e9, le cycliste trouve tous types de prix pour un cuissard, o\u00f9 se trouve le bon \u00e9quilibre entre qualit\u00e9 et prix? Comment savoir quel est le juste prix pour un cuissard? Et comment faire de bonnes affaires? Alors que certaines enseignes affichent des tarifs d&rsquo;entr\u00e9e de gamme tr\u00e8s bas et des marques haut de gamme proposent des cuissards \u00e0 plus de 300 euros, le cycliste doit s&rsquo;armer de courage pour faire le tri dans cette jungle des prix. Si vous souhaitez un peu d&rsquo;aide pour vous y retrouver, cet article est fait pour vous!<\/p>\n<p><strong>&gt; <a href=\"https:\/\/www.poli.fr\/g\/combien-coute-un-cuissard-velo\/\">Les prix d&rsquo;un cuissard de v\u00e9lo<\/a><\/strong><\/p>\n<p><img loading=\"lazy\" class=\"alignnone size-full wp-image-834\" src=\"https:\/\/www.poli.fr\/g\/wp-content\/uploads\/2021\/02\/\u00a9ThomasMaheux113038.jpg\" alt=\"\" width=\"1000\" height=\"606\" srcset=\"https:\/\/www.poli.fr\/g\/wp-content\/uploads\/2021\/02\/\u00a9ThomasMaheux113038.jpg 1000w, https:\/\/www.poli.fr\/g\/wp-content\/uploads\/2021\/02\/\u00a9ThomasMaheux113038-300x182.jpg 300w, https:\/\/www.poli.fr\/g\/wp-content\/uploads\/2021\/02\/\u00a9ThomasMaheux113038-768x465.jpg 768w\" sizes=\"(max-width: 709px) 85vw, (max-width: 909px) 67vw, (max-width: 1362px) 62vw, 840px\" \/><\/p>\n<h2>Comment laver un cuissard de v\u00e9lo ?<\/h2>\n<p>Une fois que l&rsquo;on a enfin trouv\u00e9 chaussures \u00e0 son pied et achet\u00e9 son cuissard, vient la grande question de l&rsquo;entretien! Il ne faudrait pas abimer le pr\u00e9cieux cuissard que l&rsquo;on a enfin d\u00e9nich\u00e9. Alors lavage \u00e0 la main ou en machine? A quelle temp\u00e9rature? Quels produits doivent \u00eatre absolument \u00e9vit\u00e9s? Comment le s\u00e9cher?<\/p>\n<p><strong>&gt; <a href=\"https:\/\/www.poli.fr\/g\/comment-laver-un-cuissard-de-velo\/\">Avec cet article, vous deviendrez un pro du lavage de votre cuissard<\/a><\/strong><\/p>\n<p>&nbsp;<\/p>\n<p>Vous l&rsquo;aurez compris, choisir son cuissard ne se fait pas \u00e0 la l\u00e9g\u00e8re. Pour pouvoir b\u00e9n\u00e9ficier d&rsquo;un maximum de confort, de nombreux crit\u00e8res sont \u00e0 prendre en compte. Chaque cycliste est unique et devra trouver le cuissard le plus adapt\u00e9 \u00e0 sa morphologie et \u00e0 ses besoins.<\/p>\n","protected":false},"excerpt":{"rendered":"<p>Quand vient le moment de choisir un cuissard v\u00e9lo, de nombreuses questions se posent. Ce guide du cuissard v\u00e9lo tente de vous \u00e9clairer. Le cuissard \u00e9tant l&rsquo;\u00e9l\u00e9ment le plus important de la tenue du cycliste, il ne faut pas faire ce choix \u00e0 la l\u00e9g\u00e8re. Un grand nombre de param\u00e8tres rentrent en compte. Comment bien &hellip; <a href=\"https:\/\/www.poli.fr\/g\/comment-bien-choisir-son-cuissard-de-velo\/\" class=\"more-link\">Continuer la lecture<span class=\"screen-reader-text\"> de &laquo;&nbsp;Comment bien choisir son cuissard de v\u00e9lo ?&nbsp;&raquo;<\/span><\/a><\/p>\n","protected":false},"author":2,"featured_media":0,"parent":0,"menu_order":0,"comment_status":"closed","ping_status":"closed","template":"templates\/grappe.php","meta":[],"_links":{"self":[{"href":"https:\/\/www.poli.fr\/g\/wp-json\/wp\/v2\/pages\/132"}],"collection":[{"href":"https:\/\/www.poli.fr\/g\/wp-json\/wp\/v2\/pages"}],"about":[{"href":"https:\/\/www.poli.fr\/g\/wp-json\/wp\/v2\/types\/page"}],"author":[{"embeddable":true,"href":"https:\/\/www.poli.fr\/g\/wp-json\/wp\/v2\/users\/2"}],"replies":[{"embeddable":true,"href":"https:\/\/www.poli.fr\/g\/wp-json\/wp\/v2\/comments?post=132"}],"version-history":[{"count":30,"href":"https:\/\/www.poli.fr\/g\/wp-json\/wp\/v2\/pages\/132\/revisions"}],"predecessor-version":[{"id":1088,"href":"https:\/\/www.poli.fr\/g\/wp-json\/wp\/v2\/pages\/132\/revisions\/1088"}],"wp:attachment":[{"href":"https:\/\/www.poli.fr\/g\/wp-json\/wp\/v2\/media?parent=132"}],"curies":[{"name":"wp","href":"https:\/\/api.w.org\/{rel}","templated":true}]}}